{"id":140329,"date":"2020-09-18T15:34:54","date_gmt":"2020-09-18T13:34:54","guid":{"rendered":"https:\/\/www.wretmanestate.com\/?page_id=140329"},"modified":"2020-09-18T15:34:54","modified_gmt":"2020-09-18T13:34:54","slug":"amanda-allouche","status":"publish","type":"page","link":"https:\/\/www.wretmanestate.com\/sv\/om-oss-maklare-franska-rivieran\/team\/amanda-allouche\/","title":{"rendered":"Amanda ALLOUCHE"},"content":{"rendered":"<div class=\"wpb-content-wrapper\"><p>[vc_row full_width=&#8221;stretch_row_content_no_spaces&#8221; content_placement=&#8221;bottom&#8221; css=&#8221;.vc_custom_1580468026501{background-image: url(https:\/\/www.wretmanestate.com\/wp-content\/uploads\/2019\/11\/new-banner.jpg?id=3444) !important;background-position: center !important;background-repeat: no-repeat !important;background-size: cover !important;}&#8221; el_class=&#8221;bloc-title header_team medium&#8221;][vc_column]<div class=\" \">\r\n\t\r\n        <div class=\"mh-heading-wrapper\">\r\n            <h1            class=\"mh-heading mh-color-white mh-heading--bottom-separator   \"\r\n            style=\"font-weight:700;\">\r\n\t\t\tAmanda ALLOUCHE        <\/h1>\r\n\r\n\t\t            <div class=\"mh-subheading mh-color-white\"\r\n                 style=\"\">\r\n\t\t\t\tPraktikant p\u00e5 kontoret i Cannes            <\/div>\r\n\t\t    <\/div>\r\n\r\n\t<\/div>[vc_single_image image=&#8221;140334&#8243; img_size=&#8221;full&#8221; alignment=&#8221;center&#8221; style=&#8221;vc_box_rounded&#8221;][\/vc_column][\/vc_row][vc_row bg_type=&#8221;bg_color&#8221; bg_override=&#8221;ex-full&#8221; el_class=&#8221;team_desc&#8221; bg_color_value=&#8221;#f2f2f6&#8243;][vc_column width=&#8221;1\/2&#8243;][vc_column_text]<\/p>\n<h5><strong>Varf\u00f6r valde du Wretman Estate?<\/strong><\/h5>\n<p>Jag g\u00f6r min magisterutbildning vid universitetet i K\u00f6penhamn. N\u00e4r det blev dags att s\u00f6ka en praktikplats inom kommunikation, s\u00e5 kontaktade jag Wretman Estate i Cannes. Lyckligtvis kunde Filip erbjuda mig en plats och en m\u00e5nad senare d\u00f6k jag upp h\u00e4r p\u00e5 rivieran! Jag kommer vara h\u00e4r i fyra m\u00e5nader.<\/p>\n<h5><strong>Ber\u00e4tta n\u00e5got folk inte vet om dig!<\/strong><\/h5>\n<p>Jag tr\u00e4nade gymnastik i \u00e5tta \u00e5r och i slutet n\u00e5dde jag en semi professionell niv\u00e5.<\/p>\n<h5><strong>Vad tycker du om att g\u00f6ra p\u00e5 en ledig dag?<\/strong><\/h5>\n<p>Jag tycker om att sporta och att uppt\u00e4cka st\u00e4derna p\u00e5 rivieran. Medan jag \u00e4r h\u00e4r s\u00e5 njuter jag verkligen av att kunna springa l\u00e4ngs Promenade des Anglais i Nice.[\/vc_column_text][\/vc_column][vc_column width=&#8221;1\/2&#8243;][vc_column_text]<\/p>\n<h5><strong>Vad tycker du \u00e4r den viktigaste egenskapen en m\u00e4klare kan ha?<\/strong><\/h5>\n<p>Att vara tillg\u00e4nglig och att vara en god lyssnare. Dessa egenskaper \u00e4r v\u00e4sentliga f\u00f6r att skapa f\u00f6rtroende och f\u00f6r att kunna erbjuda kunden b\u00e4sta m\u00f6jliga service.<\/p>\n<h5><strong>Vilket tycker du \u00e4r det mest intressanta ordet p\u00e5 franska?<\/strong><\/h5>\n<p>&#8220;Coquilles Saint-Jacques&#8221; vilket betyder kammusslor. Det var Elisa som l\u00e4rde mig det n\u00e4r vi \u00e5t lunch p\u00e5 jobbet en dag. Vi skrattade gott \u00e5t uttrycket och sedan dess minns jag ordet.<\/p>\n<h5><strong>Vad vet du om Sverige och Skandinavien?<\/strong><\/h5>\n<p>Sverige \u00e4r grannland till Danmark och l\u00e4nderna binds samman av en enda bro. Sverige \u00e4r ett vackert land som jag tycker om att bes\u00f6ka under ett par dagar.[\/vc_column_text][\/vc_column][\/vc_row]<\/p>\n<\/div>","protected":false},"excerpt":{"rendered":"<p>[vc_row full_width=&#8221;stretch_row_content_no_spaces&#8221; content_placement=&#8221;bottom&#8221; css=&#8221;.vc_custom_1580468026501{background-image: url(https:\/\/www.wretmanestate.com\/wp-content\/uploads\/2019\/11\/new-banner.jpg?id=3444) !important;background-position: center !important;background-repeat: no-repeat !important;background-size: cover !important;}&#8221; el_class=&#8221;bloc-title header_team medium&#8221;][vc_column][vc_single_image image=&#8221;140334&#8243; img_size=&#8221;full&#8221; alignment=&#8221;center&#8221; style=&#8221;vc_box_rounded&#8221;][\/vc_column][\/vc_row][vc_row bg_type=&#8221;bg_color&#8221; bg_override=&#8221;ex-full&#8221; el_class=&#8221;team_desc&#8221; bg_color_value=&#8221;#f2f2f6&#8243;][vc_column width=&#8221;1\/2&#8243;][vc_column_text] Varf\u00f6r valde du Wretman Estate? Jag g\u00f6r min magisterutbildning vid universitetet i K\u00f6penhamn. N\u00e4r det blev dags att s\u00f6ka en praktikplats inom kommunikation, s\u00e5 kontaktade jag Wretman Estate i Cannes. Lyckligtvis [&hellip;]<\/p>\n","protected":false},"author":23,"featured_media":0,"parent":3927,"menu_order":0,"comment_status":"closed","ping_status":"closed","template":"page_full-width.php","meta":{"_acf_changed":false,"content-type":"","_monsterinsights_skip_tracking":false,"_monsterinsights_sitenote_active":false,"_monsterinsights_sitenote_note":"","_monsterinsights_sitenote_category":0,"footnotes":""},"class_list":["post-140329","page","type-page","status-publish","hentry"],"acf":[],"yoast_head":"<!-- This site is optimized with the Yoast SEO plugin v27.5 - https:\/\/yoast.com\/product\/yoast-seo-wordpress\/ -->\n<title>Amanda ALLOUCHE - Praktikant p\u00e5 kontoret i Cannes - Wretman Estate<\/title>\n<meta name=\"description\" content=\"Amanda Allouche \u00e4r praktikant i marknadsf\u00f6ringsteamet p\u00e5 Wretman Estate i Cannes, ett av v\u00e5ra sju kontor p\u00e5 Franska Rivieran.\" \/>\n<meta name=\"robots\" content=\"index, follow, max-snippet:-1, max-image-preview:large, max-video-preview:-1\" \/>\n<link rel=\"canonical\" href=\"https:\/\/www.wretmanestate.com\/sv\/om-oss-maklare-franska-rivieran\/team\/amanda-allouche\/\" \/>\n<meta property=\"og:locale\" content=\"sv_SE\" \/>\n<meta property=\"og:type\" content=\"article\" \/>\n<meta property=\"og:title\" content=\"Amanda ALLOUCHE - Praktikant p\u00e5 kontoret i Cannes - Wretman Estate\" \/>\n<meta property=\"og:description\" content=\"Amanda Allouche \u00e4r praktikant i marknadsf\u00f6ringsteamet p\u00e5 Wretman Estate i Cannes, ett av v\u00e5ra sju kontor p\u00e5 Franska Rivieran.\" \/>\n<meta property=\"og:url\" content=\"https:\/\/www.wretmanestate.com\/sv\/om-oss-maklare-franska-rivieran\/team\/amanda-allouche\/\" \/>\n<meta property=\"og:site_name\" content=\"Wretman Estate\" \/>\n<meta name=\"twitter:card\" content=\"summary_large_image\" \/>\n<meta name=\"twitter:label1\" content=\"Ber\u00e4knad l\u00e4stid\" \/>\n\t<meta name=\"twitter:data1\" content=\"2 minuter\" \/>\n<script type=\"application\/ld+json\" class=\"yoast-schema-graph\">{\"@context\":\"https:\\\/\\\/schema.org\",\"@graph\":[{\"@type\":\"WebPage\",\"@id\":\"https:\\\/\\\/www.wretmanestate.com\\\/sv\\\/om-oss-maklare-franska-rivieran\\\/team\\\/amanda-allouche\\\/\",\"url\":\"https:\\\/\\\/www.wretmanestate.com\\\/sv\\\/om-oss-maklare-franska-rivieran\\\/team\\\/amanda-allouche\\\/\",\"name\":\"Amanda ALLOUCHE - Praktikant p\u00e5 kontoret i Cannes - Wretman Estate\",\"isPartOf\":{\"@id\":\"https:\\\/\\\/www.wretmanestate.com\\\/sv\\\/#website\"},\"datePublished\":\"2020-09-18T13:34:54+00:00\",\"description\":\"Amanda Allouche \u00e4r praktikant i marknadsf\u00f6ringsteamet p\u00e5 Wretman Estate i Cannes, ett av v\u00e5ra sju kontor p\u00e5 Franska Rivieran.\",\"breadcrumb\":{\"@id\":\"https:\\\/\\\/www.wretmanestate.com\\\/sv\\\/om-oss-maklare-franska-rivieran\\\/team\\\/amanda-allouche\\\/#breadcrumb\"},\"inLanguage\":\"sv-SE\",\"potentialAction\":[{\"@type\":\"ReadAction\",\"target\":[\"https:\\\/\\\/www.wretmanestate.com\\\/sv\\\/om-oss-maklare-franska-rivieran\\\/team\\\/amanda-allouche\\\/\"]}]},{\"@type\":\"BreadcrumbList\",\"@id\":\"https:\\\/\\\/www.wretmanestate.com\\\/sv\\\/om-oss-maklare-franska-rivieran\\\/team\\\/amanda-allouche\\\/#breadcrumb\",\"itemListElement\":[{\"@type\":\"ListItem\",\"position\":1,\"name\":\"Accueil\",\"item\":\"https:\\\/\\\/www.wretmanestate.com\\\/sv\\\/\"},{\"@type\":\"ListItem\",\"position\":2,\"name\":\"Om oss\",\"item\":\"https:\\\/\\\/www.wretmanestate.com\\\/sv\\\/om-oss-maklare-franska-rivieran\\\/\"},{\"@type\":\"ListItem\",\"position\":3,\"name\":\"Team\",\"item\":\"https:\\\/\\\/www.wretmanestate.com\\\/sv\\\/om-oss-maklare-franska-rivieran\\\/team\\\/\"},{\"@type\":\"ListItem\",\"position\":4,\"name\":\"Amanda ALLOUCHE\"}]},{\"@type\":\"WebSite\",\"@id\":\"https:\\\/\\\/www.wretmanestate.com\\\/sv\\\/#website\",\"url\":\"https:\\\/\\\/www.wretmanestate.com\\\/sv\\\/\",\"name\":\"Wretman Estate\",\"description\":\"Immobilier sur la C\u00f4te d&#039;Azur et la Provence\",\"publisher\":{\"@id\":\"https:\\\/\\\/www.wretmanestate.com\\\/sv\\\/#organization\"},\"potentialAction\":[{\"@type\":\"SearchAction\",\"target\":{\"@type\":\"EntryPoint\",\"urlTemplate\":\"https:\\\/\\\/www.wretmanestate.com\\\/sv\\\/?s={search_term_string}\"},\"query-input\":{\"@type\":\"PropertyValueSpecification\",\"valueRequired\":true,\"valueName\":\"search_term_string\"}}],\"inLanguage\":\"sv-SE\"},{\"@type\":\"Organization\",\"@id\":\"https:\\\/\\\/www.wretmanestate.com\\\/sv\\\/#organization\",\"name\":\"WRETMAN ESTATE\",\"url\":\"https:\\\/\\\/www.wretmanestate.com\\\/sv\\\/\",\"logo\":{\"@type\":\"ImageObject\",\"inLanguage\":\"sv-SE\",\"@id\":\"https:\\\/\\\/www.wretmanestate.com\\\/sv\\\/#\\\/schema\\\/logo\\\/image\\\/\",\"url\":\"\",\"contentUrl\":\"\",\"caption\":\"WRETMAN ESTATE\"},\"image\":{\"@id\":\"https:\\\/\\\/www.wretmanestate.com\\\/sv\\\/#\\\/schema\\\/logo\\\/image\\\/\"}}]}<\/script>\n<!-- \/ Yoast SEO plugin. -->","yoast_head_json":{"title":"Amanda ALLOUCHE - Praktikant p\u00e5 kontoret i Cannes - Wretman Estate","description":"Amanda Allouche \u00e4r praktikant i marknadsf\u00f6ringsteamet p\u00e5 Wretman Estate i Cannes, ett av v\u00e5ra sju kontor p\u00e5 Franska Rivieran.","robots":{"index":"index","follow":"follow","max-snippet":"max-snippet:-1","max-image-preview":"max-image-preview:large","max-video-preview":"max-video-preview:-1"},"canonical":"https:\/\/www.wretmanestate.com\/sv\/om-oss-maklare-franska-rivieran\/team\/amanda-allouche\/","og_locale":"sv_SE","og_type":"article","og_title":"Amanda ALLOUCHE - Praktikant p\u00e5 kontoret i Cannes - Wretman Estate","og_description":"Amanda Allouche \u00e4r praktikant i marknadsf\u00f6ringsteamet p\u00e5 Wretman Estate i Cannes, ett av v\u00e5ra sju kontor p\u00e5 Franska Rivieran.","og_url":"https:\/\/www.wretmanestate.com\/sv\/om-oss-maklare-franska-rivieran\/team\/amanda-allouche\/","og_site_name":"Wretman Estate","twitter_card":"summary_large_image","twitter_misc":{"Ber\u00e4knad l\u00e4stid":"2 minuter"},"schema":{"@context":"https:\/\/schema.org","@graph":[{"@type":"WebPage","@id":"https:\/\/www.wretmanestate.com\/sv\/om-oss-maklare-franska-rivieran\/team\/amanda-allouche\/","url":"https:\/\/www.wretmanestate.com\/sv\/om-oss-maklare-franska-rivieran\/team\/amanda-allouche\/","name":"Amanda ALLOUCHE - Praktikant p\u00e5 kontoret i Cannes - Wretman Estate","isPartOf":{"@id":"https:\/\/www.wretmanestate.com\/sv\/#website"},"datePublished":"2020-09-18T13:34:54+00:00","description":"Amanda Allouche \u00e4r praktikant i marknadsf\u00f6ringsteamet p\u00e5 Wretman Estate i Cannes, ett av v\u00e5ra sju kontor p\u00e5 Franska Rivieran.","breadcrumb":{"@id":"https:\/\/www.wretmanestate.com\/sv\/om-oss-maklare-franska-rivieran\/team\/amanda-allouche\/#breadcrumb"},"inLanguage":"sv-SE","potentialAction":[{"@type":"ReadAction","target":["https:\/\/www.wretmanestate.com\/sv\/om-oss-maklare-franska-rivieran\/team\/amanda-allouche\/"]}]},{"@type":"BreadcrumbList","@id":"https:\/\/www.wretmanestate.com\/sv\/om-oss-maklare-franska-rivieran\/team\/amanda-allouche\/#breadcrumb","itemListElement":[{"@type":"ListItem","position":1,"name":"Accueil","item":"https:\/\/www.wretmanestate.com\/sv\/"},{"@type":"ListItem","position":2,"name":"Om oss","item":"https:\/\/www.wretmanestate.com\/sv\/om-oss-maklare-franska-rivieran\/"},{"@type":"ListItem","position":3,"name":"Team","item":"https:\/\/www.wretmanestate.com\/sv\/om-oss-maklare-franska-rivieran\/team\/"},{"@type":"ListItem","position":4,"name":"Amanda ALLOUCHE"}]},{"@type":"WebSite","@id":"https:\/\/www.wretmanestate.com\/sv\/#website","url":"https:\/\/www.wretmanestate.com\/sv\/","name":"Wretman Estate","description":"Immobilier sur la C\u00f4te d&#039;Azur et la Provence","publisher":{"@id":"https:\/\/www.wretmanestate.com\/sv\/#organization"},"potentialAction":[{"@type":"SearchAction","target":{"@type":"EntryPoint","urlTemplate":"https:\/\/www.wretmanestate.com\/sv\/?s={search_term_string}"},"query-input":{"@type":"PropertyValueSpecification","valueRequired":true,"valueName":"search_term_string"}}],"inLanguage":"sv-SE"},{"@type":"Organization","@id":"https:\/\/www.wretmanestate.com\/sv\/#organization","name":"WRETMAN ESTATE","url":"https:\/\/www.wretmanestate.com\/sv\/","logo":{"@type":"ImageObject","inLanguage":"sv-SE","@id":"https:\/\/www.wretmanestate.com\/sv\/#\/schema\/logo\/image\/","url":"","contentUrl":"","caption":"WRETMAN ESTATE"},"image":{"@id":"https:\/\/www.wretmanestate.com\/sv\/#\/schema\/logo\/image\/"}}]}},"_links":{"self":[{"href":"https:\/\/www.wretmanestate.com\/sv\/wp-json\/wp\/v2\/pages\/140329","targetHints":{"allow":["GET"]}}],"collection":[{"href":"https:\/\/www.wretmanestate.com\/sv\/wp-json\/wp\/v2\/pages"}],"about":[{"href":"https:\/\/www.wretmanestate.com\/sv\/wp-json\/wp\/v2\/types\/page"}],"author":[{"embeddable":true,"href":"https:\/\/www.wretmanestate.com\/sv\/wp-json\/wp\/v2\/users\/23"}],"replies":[{"embeddable":true,"href":"https:\/\/www.wretmanestate.com\/sv\/wp-json\/wp\/v2\/comments?post=140329"}],"version-history":[{"count":1,"href":"https:\/\/www.wretmanestate.com\/sv\/wp-json\/wp\/v2\/pages\/140329\/revisions"}],"predecessor-version":[{"id":140345,"href":"https:\/\/www.wretmanestate.com\/sv\/wp-json\/wp\/v2\/pages\/140329\/revisions\/140345"}],"up":[{"embeddable":true,"href":"https:\/\/www.wretmanestate.com\/sv\/wp-json\/wp\/v2\/pages\/3927"}],"wp:attachment":[{"href":"https:\/\/www.wretmanestate.com\/sv\/wp-json\/wp\/v2\/media?parent=140329"}],"curies":[{"name":"wp","href":"https:\/\/api.w.org\/{rel}","templated":true}]}}